{"id":2302,"date":"2024-04-15T12:34:45","date_gmt":"2024-04-15T10:34:45","guid":{"rendered":"http:\/\/maselricart.com\/?page_id=2302"},"modified":"2024-04-15T15:01:21","modified_gmt":"2024-04-15T13:01:21","slug":"politica-de-privacidad","status":"publish","type":"page","link":"http:\/\/maselricart.com\/es\/politica-de-privacidad\/","title":{"rendered":"Pol\u00edtica de privacidad"},"content":{"rendered":"<div class=\"wpb-content-wrapper\"><p>[vc_row css_animation=\u00bb\u00bb row_type=\u00bbrow\u00bb use_row_as_full_screen_section=\u00bbno\u00bb type=\u00bbfull_width\u00bb angled_section=\u00bbno\u00bb text_align=\u00bbleft\u00bb background_image_as_pattern=\u00bbwithout_pattern\u00bb][vc_column][vc_column_text]<\/p>\n<p align=\"left\"><span style=\"color: #000000;\"><span style=\"font-family: Calibri, serif;\"><span style=\"font-size: small;\"><b>Responsable &#8211; \u00bfQui\u00e9n es el responsable del tratamiento de los datos?<\/b><\/span><\/span><\/span><\/p>\n<p align=\"left\"><span style=\"color: #000000;\"><span style=\"font-family: Calibri, serif;\"><span style=\"font-size: small;\">Identidad: XAVIER da PENA POSTIUS Pla <\/span><\/span><\/span><\/p>\n<p align=\"left\"><span style=\"color: #000000;\"><span style=\"font-family: Calibri, serif;\"><span style=\"font-size: small;\">Domicilio social: <\/span><\/span><\/span><span style=\"color: #000000;\"><span style=\"font-family: Calibri, serif;\"><span style=\"font-size: small;\">Autovia C-17 (Sortida 55) 08522 Malla, Barcelona <\/span><\/span><\/span><\/p>\n<p align=\"left\"><span style=\"color: #000000;\"><span style=\"font-family: Calibri, serif;\"><span style=\"font-size: small;\">DNI: 77287744Q <\/span><\/span><\/span><\/p>\n<p align=\"left\"><span style=\"color: #000000;\"><span style=\"font-family: Calibri, serif;\"><span style=\"font-size: small;\">Tel\u00e9fono: 667 604 590 <\/span><\/span><\/span><\/p>\n<p align=\"left\"><span style=\"color: #000000;\"><span style=\"font-family: Calibri, serif;\"><span style=\"font-size: small;\">Correo Electr\u00f3nico: <\/span><\/span><\/span><span style=\"color: #000000;\"><span style=\"font-family: Calibri, serif;\"><span style=\"font-size: small;\">I<\/span><\/span><\/span><span style=\"color: #000000;\"><span style=\"font-family: Calibri, serif;\"><span style=\"font-size: small;\">nfo@maselricart.com <\/span><\/span><\/span><\/p>\n<p align=\"left\"><span style=\"color: #000000;\"><span style=\"font-family: Calibri, serif;\"><span style=\"font-size: small;\">Nombre de dominio: http:\/\/maselricart.com\/<\/span><\/span><\/span><\/p>\n<p align=\"left\"><span style=\"color: #000000;\"><span style=\"font-family: Calibri, serif;\"><span style=\"font-size: small;\"><b>Finalidades &#8211; \u00bfcon qu\u00e9 finalidades tratamos tus datos?<\/b><\/span><\/span><\/span><\/p>\n<p align=\"left\"><span style=\"color: #000000;\"><span style=\"font-family: Calibri, serif;\"><span style=\"font-size: small;\">En cumplimiento de lo establecido en el Reglamento Europeo 2016\/679 General de Protecci\u00f3n de Datos, te informamos que trataremos los datos que nos facilites para:<\/span><\/span><\/span><\/p>\n<p align=\"left\"><span style=\"color: #000000;\"><span style=\"font-family: Calibri, serif;\"><span style=\"font-size: small;\">Gestionar la contrataci\u00f3n de servicios realizados a trav\u00e9s de la Plataforma, as\u00ed como la facturaci\u00f3n y entrega correspondiente.<\/span><\/span><\/span><\/p>\n<p align=\"left\"><span style=\"color: #000000;\"><span style=\"font-family: Calibri, serif;\"><span style=\"font-size: small;\">Enviar peri\u00f3dicamente comunicaciones sobre servicios, eventos y noticias relacionadas con las actividades desarrolladas por XAVIER da PENA POSTIUS por cualquier medio (tel\u00e9fono, correo postal o electr\u00f3nico), salvo que se indique lo contrario o el usuario se oponga o revoque su consentimiento.<\/span><\/span><\/span><\/p>\n<p align=\"left\"><span style=\"color: #000000;\"><span style=\"font-family: Calibri, serif;\"><span style=\"font-size: small;\">Enviar informaci\u00f3n comercial y\/o promocional relacionada con el sector de servicios contratados y valor agregado para usuarios finales, salvo que se indique lo contrario o el usuario se oponga o revoque su consentimiento.<\/span><\/span><\/span><\/p>\n<p align=\"left\"><span style=\"color: #000000;\"><span style=\"font-family: Calibri, serif;\"><span style=\"font-size: small;\">Cumplir con las obligaciones legalmente establecidas, as\u00ed como verificar el cumplimiento de las obligaciones contractuales, incluida la prevenci\u00f3n del fraude.<\/span><\/span><\/span><\/p>\n<p align=\"left\"><span style=\"color: #000000;\"><span style=\"font-family: Calibri, serif;\"><span style=\"font-size: small;\">Cesi\u00f3n de datos a organismos y autoridades, siempre que sean requeridos de acuerdo con las disposiciones legales y reglamentarias.<\/span><\/span><\/span><\/p>\n<p align=\"left\"><span style=\"color: #000000;\"><span style=\"font-family: Calibri, serif;\"><span style=\"font-size: small;\"><b>Categor\u00edas de datos &#8211; \u00bfQu\u00e9 datos tratamos?<\/b><\/span><\/span><\/span><\/p>\n<p align=\"left\"><span style=\"color: #000000;\"><span style=\"font-family: Calibri, serif;\"><span style=\"font-size: small;\">Derivado de las finalidades antes mencionadas, en XAVIER da PENA POSTIUS gestionamos las siguientes categor\u00edas de datos:<\/span><\/span><\/span><\/p>\n<p align=\"left\"><span style=\"color: #000000;\"><span style=\"font-family: Calibri, serif;\"><span style=\"font-size: small;\">Datos identificativos.<\/span><\/span><\/span><\/p>\n<p align=\"left\"><span style=\"color: #000000;\"><span style=\"font-family: Calibri, serif;\"><span style=\"font-size: small;\">Metadatos de comunicaciones electr\u00f3nicas.<\/span><\/span><\/span><\/p>\n<p align=\"left\"><span style=\"color: #000000;\"><span style=\"font-family: Calibri, serif;\"><span style=\"font-size: small;\">Datos de informaci\u00f3n comercial. En caso de que el usuario facilite datos de terceros, manifiesta contar con el consentimiento de estos y se compromete a transmitirles la informaci\u00f3n contenida en esta cl\u00e1usula, eximiendo a XAVIER da PENA POSTIUS de cualquier responsabilidad en este sentido. No obstante, XAVIER da PENA POSTIUS podr\u00e1 llevar a cabo las verificaciones para constatar este hecho, adoptando las medidas de diligencia debida que correspondan, conforme a la normativa de protecci\u00f3n de datos.<\/span><\/span><\/span><\/p>\n<p align=\"left\"><span style=\"color: #000000;\"><span style=\"font-family: Calibri, serif;\"><span style=\"font-size: small;\"><b>Legitimaci\u00f3n &#8211; \u00bfcu\u00e1l es la legitimaci\u00f3n para el tratamiento de tus datos?<\/b><\/span><\/span><\/span><\/p>\n<p align=\"left\"><span style=\"color: #000000;\"><span style=\"font-family: Calibri, serif;\"><span style=\"font-size: small;\">El tratamiento de datos cuya finalidad sea el env\u00edo de boletines peri\u00f3dicos (newslettering) u otros medios, sobre servicios, eventos y noticias relacionadas con nuestra actividad profesional, se basa en el consentimiento del interesado, solicitado expresamente para llevar a cabo estos tratamientos, de acuerdo con la normativa vigente. Adem\u00e1s, la legitimaci\u00f3n para el tratamiento de los datos relacionados con ofertas o colaboraciones se basa en el consentimiento del usuario que remite sus datos, que puede retirar en cualquier momento, si bien esto puede afectar la posible comunicaci\u00f3n fluida y obstrucci\u00f3n de procesos que desea realizar. Finalmente, los datos podr\u00e1n utilizarse para cumplir con las obligaciones legales aplicables a XAVIER da PENA POSTIUS.<\/span><\/span><\/span><\/p>\n<p align=\"left\"><span style=\"color: #000000;\"><span style=\"font-family: Calibri, serif;\"><span style=\"font-size: small;\"><b>Plazo de Conservaci\u00f3n de los Datos &#8211; \u00bfPor cu\u00e1nto tiempo conservaremos tus datos?<\/b><\/span><\/span><\/span><\/p>\n<p align=\"left\"><span style=\"color: #000000;\"><span style=\"font-family: Calibri, serif;\"><span style=\"font-size: small;\">XAVIER da PENA POSTIUS conservar\u00e1 los datos personales de los usuarios \u00fanicamente durante el tiempo necesario para la realizaci\u00f3n de las finalidades para las que fueron recopilados, mientras no revoques los consentimientos otorgados. Posteriormente, en caso de ser necesario, mantendr\u00e1 la informaci\u00f3n bloqueada durante los plazos legalmente establecidos.<\/span><\/span><\/span><\/p>\n<p align=\"left\"><span style=\"color: #000000;\"><span style=\"font-family: Calibri, serif;\"><span style=\"font-size: small;\"><b>\u00bfA qu\u00e9 destinatarios se comunicar\u00e1n tus datos?<\/b><\/span><\/span><\/span><\/p>\n<p align=\"left\"><span style=\"color: #000000;\"><span style=\"font-family: Calibri, serif;\"><span style=\"font-size: small;\">Tus datos podr\u00e1n ser accedidos por aquellos proveedores que prestan servicios a XAVIER da PENA POSTIUS, como servicios de alojamiento, herramientas de marketing y sistemas de contenido u otros profesionales, cuando esta comunicaci\u00f3n sea necesaria normativamente, o para la ejecuci\u00f3n de los servicios contratados.<\/span><\/span><\/span><\/p>\n<p align=\"left\"><span style=\"color: #000000;\"><span style=\"font-family: Calibri, serif;\"><span style=\"font-size: small;\">XAVIER da PENA POSTIUS ha suscrito los correspondientes contratos de encargo de tratamiento con cada uno de los proveedores que prestan servicios a XAVIER da PENA POSTIUS, con el objetivo de garantizar que estos proveedores tratar\u00e1n tus datos de conformidad con lo establecido en la legislaci\u00f3n vigente. Tambi\u00e9n podr\u00e1n ser cedidos a las Fuerzas y Cuerpos de Seguridad del Estado en los casos que exista una obligaci\u00f3n legal. Bancos y entidades financieras, para el cobro de los servicios. Administraciones p\u00fablicas con competencia en los sectores de actividad, cuando as\u00ed lo establezca la normativa vigente.<\/span><\/span><\/span><\/p>\n<p align=\"left\"><span style=\"color: #000000;\"><span style=\"font-family: Calibri, serif;\"><span style=\"font-size: small;\"><b>Seguridad de la Informaci\u00f3n &#8211; \u00bfQu\u00e9 medidas de seguridad implementamos para cuidar tus datos?<\/b><\/span><\/span><\/span><\/p>\n<p align=\"left\"><span style=\"color: #000000;\"><span style=\"font-family: Calibri, serif;\"><span style=\"font-size: small;\">Para proteger las diferentes tipolog\u00edas de datos reflejadas en esta pol\u00edtica de privacidad, se llevar\u00e1n a cabo las medidas de seguridad t\u00e9cnicas necesarias para evitar su p\u00e9rdida, manipulaci\u00f3n, difusi\u00f3n o alteraci\u00f3n.<\/span><\/span><\/span><\/p>\n<p align=\"left\"><span style=\"color: #000000;\"><span style=\"font-family: Calibri, serif;\"><span style=\"font-size: small;\">Encriptaci\u00f3n de las comunicaciones entre el dispositivo del usuario y los servidores de XAVIER da PENA POSTIUS.<\/span><\/span><\/span><\/p>\n<p align=\"left\"><span style=\"color: #000000;\"><span style=\"font-family: Calibri, serif;\"><span style=\"font-size: small;\">Encriptaci\u00f3n de la informaci\u00f3n en los propios servidores de XAVIER da PENA POSTIUS.<\/span><\/span><\/span><\/p>\n<p align=\"left\"><span style=\"color: #000000;\"><span style=\"font-family: Calibri, serif;\"><span style=\"font-size: small;\">Otras medidas que eviten el acceso a los datos del usuario por parte de terceros.<\/span><\/span><\/span><\/p>\n<p align=\"left\"><span style=\"color: #000000;\"><span style=\"font-family: Calibri, serif;\"><span style=\"font-size: small;\">En aquellos casos en que XAVIER da PENA POSTIUS cuente con proveedores de servicio para el mantenimiento de la plataforma que se encuentren fuera de la Uni\u00f3n Europea, estas transferencias internacionales se hayan regularizado atendiendo al compromiso de XAVIER da PENA POSTIUS con la protecci\u00f3n, integridad y seguridad de los datos personales de los usuarios.<\/span><\/span><\/span><\/p>\n<p align=\"left\"><span style=\"color: #000000;\"><span style=\"font-family: Calibri, serif;\"><span style=\"font-size: small;\"><b>Derechos &#8211; \u00bfCu\u00e1les son tus derechos cuando nos facilitas tus datos y c\u00f3mo puedes ejercerlos?<\/b><\/span><\/span><\/span><\/p>\n<p align=\"left\"><span style=\"color: #000000;\"><span style=\"font-family: Calibri, serif;\"><span style=\"font-size: small;\">Tienes derecho a obtener confirmaci\u00f3n sobre si en XAVIER da PENA POSTIUS estamos tratando datos personales que te conciernen, o no.<\/span><\/span><\/span><\/p>\n<p align=\"left\"><span style=\"color: #000000;\"><span style=\"font-family: Calibri, serif;\"><span style=\"font-size: small;\">Asimismo, tienes derecho a acceder a tus datos personales, as\u00ed como a solicitar la rectificaci\u00f3n de los datos inexactos o, en su caso, solicitar su supresi\u00f3n cuando, entre otros motivos, los datos ya no sean necesarios para las finalidades que fueron recogidos.<\/span><\/span><\/span><\/p>\n<p align=\"left\"><span style=\"color: #000000;\"><span style=\"font-family: Calibri, serif;\"><span style=\"font-size: small;\">En determinadas circunstancias, podr\u00e1s solicitar la limitaci\u00f3n del tratamiento de tus datos, caso en el cual \u00fanicamente los conservaremos para el ejercicio o la defensa de reclamaciones.<\/span><\/span><\/span><\/p>\n<p align=\"left\"><span style=\"color: #000000;\"><span style=\"font-family: Calibri, serif;\"><span style=\"font-size: small;\">En determinadas circunstancias y por motivos relacionados con tu situaci\u00f3n particular, podr\u00e1s oponerte al tratamiento de tus datos. XAVIER da PENA POSTIUS dejar\u00e1 de tratar los datos, excepto por motivos leg\u00edtimos imperiosos, o el ejercicio o la defensa de posibles reclamaciones.<\/span><\/span><\/span><\/p>\n<p align=\"left\"><span style=\"color: #000000;\"><span style=\"font-family: Calibri, serif;\"><span style=\"font-size: small;\">Asimismo, puedes ejercer el derecho a la portabilidad de los datos, as\u00ed como retirar los consentimientos facilitados en cualquier momento, sin que ello afecte a la licitud del tratamiento basado en el consentimiento previo a su retirada.<\/span><\/span><\/span><\/p>\n<p align=\"left\"><span style=\"color: #000000;\"><span style=\"font-family: Calibri, serif;\"><span style=\"font-size: small;\">Finalmente, te informamos que puedes dirigirte ante la Agencia Espa\u00f1ola de Protecci\u00f3n de Datos y otros organismos p\u00fablicos competentes para cualquier reclamaci\u00f3n derivada del tratamiento de tus datos personales.<\/span><\/span><\/span><\/p>\n<p align=\"left\"><span style=\"color: #000000;\"><span style=\"font-family: Calibri, serif;\"><span style=\"font-size: small;\"><b>Modificaci\u00f3n de la pol\u00edtica de privacidad<\/b><\/span><\/span><\/span><\/p>\n<p align=\"left\"><span style=\"color: #000000;\"><span style=\"font-family: Calibri, serif;\"><span style=\"font-size: small;\">XAVIER da PENA POSTIUS podr\u00e1 modificar la presente Pol\u00edtica de Privacidad en cualquier momento, siendo publicadas las sucesivas versiones en el Sitio Web. En cualquier caso, XAVIER da PENA POSTIUS comunicar\u00e1 con previo aviso las modificaciones de la presente pol\u00edtica que afecten a los usuarios para que puedan aceptar las mismas. La presente Pol\u00edtica de Privacidad se encuentra actualizada a fecha <\/span><\/span><\/span><span style=\"color: #000000;\"><span style=\"font-family: Calibri, serif;\"><span style=\"font-size: small;\">15<\/span><\/span><\/span><span style=\"color: #000000;\"><span style=\"font-family: Calibri, serif;\"><span style=\"font-size: small;\">\/0<\/span><\/span><\/span><span style=\"color: #000000;\"><span style=\"font-family: Calibri, serif;\"><span style=\"font-size: small;\">4<\/span><\/span><\/span><span style=\"color: #000000;\"><span style=\"font-family: Calibri, serif;\"><span style=\"font-size: small;\">\/202<\/span><\/span><\/span><span style=\"color: #000000;\"><span style=\"font-family: Calibri, serif;\"><span style=\"font-size: small;\">4<\/span><\/span><\/span><span style=\"color: #000000;\"><span style=\"font-family: Calibri, serif;\"><span style=\"font-size: small;\">. XAVIER da PENA POSTIUS (ESPA\u00d1A). Reservados todos los derechos.\u00bb<\/span><\/span><\/span><\/p>\n<p>[\/vc_column_text][\/vc_column][\/vc_row][vc_row css_animation=\u00bb\u00bb row_type=\u00bbrow\u00bb use_row_as_full_screen_section=\u00bbno\u00bb type=\u00bbfull_width\u00bb angled_section=\u00bbno\u00bb text_align=\u00bbleft\u00bb background_image_as_pattern=\u00bbwithout_pattern\u00bb][vc_column][vc_empty_space][\/vc_column][\/vc_row]<\/p>\n<\/div>","protected":false},"excerpt":{"rendered":"<p>[vc_row css_animation=\u00bb\u00bb row_type=\u00bbrow\u00bb use_row_as_full_screen_section=\u00bbno\u00bb type=\u00bbfull_width\u00bb angled_section=\u00bbno\u00bb text_align=\u00bbleft\u00bb background_image_as_pattern=\u00bbwithout_pattern\u00bb][vc_column][vc_column_text] Responsable &#8211; \u00bfQui\u00e9n es el responsable del tratamiento de los datos? Identidad: XAVIER da PENA POSTIUS Pla Domicilio social: Autovia C-17 (Sortida 55) 08522 Malla, Barcelona DNI: 77287744Q Tel\u00e9fono: 667 604 590 Correo Electr\u00f3nico: Info@maselricart.com Nombre de&#8230;<\/p>\n","protected":false},"author":4,"featured_media":0,"parent":0,"menu_order":0,"comment_status":"closed","ping_status":"closed","template":"","meta":{"iawp_total_views":10,"_joinchat":[],"footnotes":""},"class_list":["post-2302","page","type-page","status-publish","hentry"],"_links":{"self":[{"href":"http:\/\/maselricart.com\/es\/wp-json\/wp\/v2\/pages\/2302","targetHints":{"allow":["GET"]}}],"collection":[{"href":"http:\/\/maselricart.com\/es\/wp-json\/wp\/v2\/pages"}],"about":[{"href":"http:\/\/maselricart.com\/es\/wp-json\/wp\/v2\/types\/page"}],"author":[{"embeddable":true,"href":"http:\/\/maselricart.com\/es\/wp-json\/wp\/v2\/users\/4"}],"replies":[{"embeddable":true,"href":"http:\/\/maselricart.com\/es\/wp-json\/wp\/v2\/comments?post=2302"}],"version-history":[{"count":10,"href":"http:\/\/maselricart.com\/es\/wp-json\/wp\/v2\/pages\/2302\/revisions"}],"predecessor-version":[{"id":2331,"href":"http:\/\/maselricart.com\/es\/wp-json\/wp\/v2\/pages\/2302\/revisions\/2331"}],"wp:attachment":[{"href":"http:\/\/maselricart.com\/es\/wp-json\/wp\/v2\/media?parent=2302"}],"curies":[{"name":"wp","href":"https:\/\/api.w.org\/{rel}","templated":true}]}}